{"version":"1.0","provider_name":"Consulate General of the Republic of Angola in Lisbon","provider_url":"https:\/\/consuladogeral-angola.pt\/en","title":"COMUNICADO DE IMPRENSA - Consulado Geral da Rep\u00fablica de Angola em Lisboa","type":"rich","width":600,"height":338,"html":"<blockquote class=\"wp-embedded-content\" data-secret=\"2XzCaVMnxZ\"><a href=\"https:\/\/consuladogeral-angola.pt\/en\/comunicados\/comunicado-de-imprensa-2\/\">COMUNICADO DE IMPRENSA<\/a><\/blockquote><iframe sandbox=\"allow-scripts\" security=\"restricted\" src=\"https:\/\/consuladogeral-angola.pt\/en\/comunicados\/comunicado-de-imprensa-2\/embed\/#?secret=2XzCaVMnxZ\" width=\"600\" height=\"338\" title=\"&#8220;COMUNICADO DE IMPRENSA&#8221; &#8212; Consulado Geral da Rep\u00fablica de Angola em Lisboa\" data-secret=\"2XzCaVMnxZ\" frameborder=\"0\" marginwidth=\"0\" marginheight=\"0\" scrolling=\"no\" class=\"wp-embedded-content\"><\/iframe><script type=\"text\/javascript\">\n\/* <![CDATA[ *\/\n\/*! This file is auto-generated *\/\n!function(d,l){\"use strict\";l.querySelector&&d.addEventListener&&\"undefined\"!=typeof URL&&(d.wp=d.wp||{},d.wp.receiveEmbedMessage||(d.wp.receiveEmbedMessage=function(e){var t=e.data;if((t||t.secret||t.message||t.value)&&!\/[^a-zA-Z0-9]\/.test(t.secret)){for(var s,r,n,a=l.querySelectorAll('iframe[data-secret=\"'+t.secret+'\"]'),o=l.querySelectorAll('blockquote[data-secret=\"'+t.secret+'\"]'),c=new RegExp(\"^https?:$\",\"i\"),i=0;i<o.length;i++)o[i].style.display=\"none\";for(i=0;i<a.length;i++)s=a[i],e.source===s.contentWindow&&(s.removeAttribute(\"style\"),\"height\"===t.message?(1e3<(r=parseInt(t.value,10))?r=1e3:~~r<200&&(r=200),s.height=r):\"link\"===t.message&&(r=new URL(s.getAttribute(\"src\")),n=new URL(t.value),c.test(n.protocol))&&n.host===r.host&&l.activeElement===s&&(d.top.location.href=t.value))}},d.addEventListener(\"message\",d.wp.receiveEmbedMessage,!1),l.addEventListener(\"DOMContentLoaded\",function(){for(var e,t,s=l.querySelectorAll(\"iframe.wp-embedded-content\"),r=0;r<s.length;r++)(t=(e=s[r]).getAttribute(\"data-secret\"))||(t=Math.random().toString(36).substring(2,12),e.src+=\"#?secret=\"+t,e.setAttribute(\"data-secret\",t)),e.contentWindow.postMessage({message:\"ready\",secret:t},\"*\")},!1)))}(window,document);\n\/\/# sourceURL=https:\/\/consuladogeral-angola.pt\/wp-includes\/js\/wp-embed.min.js\n\/* ]]> *\/\n<\/script>","thumbnail_url":"https:\/\/consuladogeral-angola.pt\/wp-content\/uploads\/2023\/03\/comunicados2.fw_-1.png","thumbnail_width":700,"thumbnail_height":420,"description":"O Consulado Geral da Rep\u00fablica de Angola em Lisboa, vem pelo presente esclarecer, que desde o dia 28 de Fevereiro do ano em curso, tem registado uma aflu\u00eancia de utentes acima da m\u00e9dia \u00e0s suas instala\u00e7\u00f5es, localizadas em Alc\u00e2ntara, derivadas do facto de a Ag\u00eancia para a Integra\u00e7\u00e3o, Migra\u00e7\u00e3o e Asilo (AIMA), ter dado in\u00edcio ao processo de emiss\u00e3o e renova\u00e7\u00e3o de autoriza\u00e7\u00e3o de resid\u00eancia, com particular realce, para a autoriza\u00e7\u00e3o de resid\u00eancia, atribu\u00edda ao abrigo do acordo com os [&hellip;]"}